{"id":1329,"date":"2024-05-30T06:19:15","date_gmt":"2024-05-30T06:19:15","guid":{"rendered":"https:\/\/landgasthof.muwit.net\/i-nostri-valori\/"},"modified":"2024-07-29T13:44:02","modified_gmt":"2024-07-29T13:44:02","slug":"i-nostri-valori","status":"publish","type":"page","link":"https:\/\/www.landgasthof.it\/it\/i-nostri-valori\/","title":{"rendered":"I nostri valori"},"content":{"rendered":"\t\t<div data-elementor-type=\"wp-page\" data-elementor-id=\"1329\" class=\"elementor elementor-1329 elementor-277\" data-elementor-post-type=\"page\">\n\t\t\t\t<div class=\"elementor-element elementor-element-d76a606 e-con-full container-w entrance e-flex e-con e-parent\" data-id=\"d76a606\" data-element_type=\"container\">\n\t\t\t\t<div class=\"elementor-element elementor-element-e9ca4c2 elementor-widget elementor-widget-image-carousel\" data-id=\"e9ca4c2\" data-element_type=\"widget\" data-settings=\"{&quot;slides_to_show&quot;:&quot;1&quot;,&quot;navigation&quot;:&quot;none&quot;,&quot;autoplay&quot;:&quot;yes&quot;,&quot;pause_on_hover&quot;:&quot;yes&quot;,&quot;pause_on_interaction&quot;:&quot;yes&quot;,&quot;autoplay_speed&quot;:5000,&quot;infinite&quot;:&quot;yes&quot;,&quot;effect&quot;:&quot;slide&quot;,&quot;speed&quot;:500}\" data-widget_type=\"image-carousel.default\">\n\t\t\t\t<div class=\"elementor-widget-container\">\n\t\t\t<style>\/*! elementor - v3.21.0 - 08-05-2024 *\/\n.elementor-widget-image-carousel .swiper,.elementor-widget-image-carousel .swiper-container{position:static}.elementor-widget-image-carousel .swiper-container .swiper-slide figure,.elementor-widget-image-carousel .swiper .swiper-slide figure{line-height:inherit}.elementor-widget-image-carousel .swiper-slide{text-align:center}.elementor-image-carousel-wrapper:not(.swiper-container-initialized):not(.swiper-initialized) .swiper-slide{max-width:calc(100% \/ var(--e-image-carousel-slides-to-show, 3))}<\/style>\t\t<div class=\"elementor-image-carousel-wrapper swiper\" dir=\"ltr\">\n\t\t\t<div class=\"elementor-image-carousel swiper-wrapper\" aria-live=\"off\">\n\t\t\t\t\t\t\t\t<div class=\"swiper-slide\" role=\"group\" aria-roledescription=\"slide\" aria-label=\"1 di 3\"><figure class=\"swiper-slide-inner\"><img decoding=\"async\" class=\"swiper-slide-image\" src=\"https:\/\/www.landgasthof.it\/wp-content\/uploads\/2024\/07\/Laerchenwald-Aussen-WEB-33-scaled.jpg\" alt=\"L\u00e4rchenwald Aussen-WEB-33\" \/><\/figure><\/div><div class=\"swiper-slide\" role=\"group\" aria-roledescription=\"slide\" aria-label=\"2 di 3\"><figure class=\"swiper-slide-inner\"><img decoding=\"async\" class=\"swiper-slide-image\" src=\"https:\/\/www.landgasthof.it\/wp-content\/uploads\/2024\/05\/Landgasthof-Laerchenwald-WEB_77.jpg\" alt=\"Landgasthof L\u00e4rchenwald-WEB_77\" \/><\/figure><\/div><div class=\"swiper-slide\" role=\"group\" aria-roledescription=\"slide\" aria-label=\"3 di 3\"><figure class=\"swiper-slide-inner\"><img decoding=\"async\" class=\"swiper-slide-image\" src=\"https:\/\/www.landgasthof.it\/wp-content\/uploads\/2024\/05\/IMG_7288.jpg\" alt=\"IMG_7288\" \/><\/figure><\/div>\t\t\t<\/div>\n\t\t\t\t\t\t\t\n\t\t\t\t\t\t\t\t\t<\/div>\n\t\t\t\t<\/div>\n\t\t\t\t<\/div>\n\t\t\t\t<\/div>\n\t\t<div class=\"elementor-element elementor-element-7246f76 e-con-full container-w e-flex e-con e-parent\" data-id=\"7246f76\" data-element_type=\"container\" data-settings=\"{&quot;background_background&quot;:&quot;classic&quot;}\">\n\t\t<div class=\"elementor-element elementor-element-1cfc4ea e-con-full container-i w-s p-b-l p-bt-2 e-flex e-con e-child\" data-id=\"1cfc4ea\" data-element_type=\"container\">\n\t\t<div class=\"elementor-element elementor-element-bc033d3 e-con-full p-bt-s e-flex e-con e-child\" data-id=\"bc033d3\" data-element_type=\"container\">\n\t\t\t\t<div class=\"elementor-element elementor-element-ad9f241 elementor-widget elementor-widget-heading\" data-id=\"ad9f241\" data-element_type=\"widget\" data-widget_type=\"heading.default\">\n\t\t\t\t<div class=\"elementor-widget-container\">\n\t\t\t<style>\/*! elementor - v3.21.0 - 08-05-2024 *\/\n.elementor-heading-title{padding:0;margin:0;line-height:1}.elementor-widget-heading .elementor-heading-title[class*=elementor-size-]>a{color:inherit;font-size:inherit;line-height:inherit}.elementor-widget-heading .elementor-heading-title.elementor-size-small{font-size:15px}.elementor-widget-heading .elementor-heading-title.elementor-size-medium{font-size:19px}.elementor-widget-heading .elementor-heading-title.elementor-size-large{font-size:29px}.elementor-widget-heading .elementor-heading-title.elementor-size-xl{font-size:39px}.elementor-widget-heading .elementor-heading-title.elementor-size-xxl{font-size:59px}<\/style><h1 class=\"elementor-heading-title elementor-size-default\">\u201cVogliamo che gli ospiti stiano bene qui da noi\u201d<\/h1>\t\t<\/div>\n\t\t\t\t<\/div>\n\t\t\t\t<div class=\"elementor-element elementor-element-39299a5 elementor-widget elementor-widget-heading\" data-id=\"39299a5\" data-element_type=\"widget\" data-widget_type=\"heading.default\">\n\t\t\t\t<div class=\"elementor-widget-container\">\n\t\t\t<h2 class=\"elementor-heading-title elementor-size-default\">Piccolo hotel, grande ospitalit\u00e0<\/h2>\t\t<\/div>\n\t\t\t\t<\/div>\n\t\t\t\t<\/div>\n\t\t\t\t<div class=\"elementor-element elementor-element-ccf34cb elementor-widget elementor-widget-text-editor\" data-id=\"ccf34cb\" data-element_type=\"widget\" data-widget_type=\"text-editor.default\">\n\t\t\t\t<div class=\"elementor-widget-container\">\n\t\t\t<style>\/*! elementor - v3.21.0 - 08-05-2024 *\/\n.elementor-widget-text-editor.elementor-drop-cap-view-stacked .elementor-drop-cap{background-color:#69727d;color:#fff}.elementor-widget-text-editor.elementor-drop-cap-view-framed .elementor-drop-cap{color:#69727d;border:3px solid;background-color:transparent}.elementor-widget-text-editor:not(.elementor-drop-cap-view-default) .elementor-drop-cap{margin-top:8px}.elementor-widget-text-editor:not(.elementor-drop-cap-view-default) .elementor-drop-cap-letter{width:1em;height:1em}.elementor-widget-text-editor .elementor-drop-cap{float:left;text-align:center;line-height:1;font-size:50px}.elementor-widget-text-editor .elementor-drop-cap-letter{display:inline-block}<\/style>\t\t\t\t<p>As so often in life: Harmony and authenticity count. The right mix of tradition and lifestyle. Nature and people. Action and relaxation. You&#8217;ll find all of this in our small hotel. Because only one thing is important to us. That you have a good time with us.      <\/p>\n\t\t\t\t\t\t<\/div>\n\t\t\t\t<\/div>\n\t\t\t\t<\/div>\n\t\t\t\t<\/div>\n\t\t<div class=\"elementor-element elementor-element-b631533 e-con-full p-b-m e-flex e-con e-parent\" data-id=\"b631533\" data-element_type=\"container\" data-settings=\"{&quot;background_background&quot;:&quot;classic&quot;}\">\n\t\t<div class=\"elementor-element elementor-element-51c88a0 e-con-full e-flex e-con e-child\" data-id=\"51c88a0\" data-element_type=\"container\" data-settings=\"{&quot;background_background&quot;:&quot;classic&quot;}\">\n\t\t<div class=\"elementor-element elementor-element-72657b9 e-con-full container-i p-l-s elementor-hidden-mobile e-flex e-con e-child\" data-id=\"72657b9\" data-element_type=\"container\">\n\t\t\t\t<div class=\"elementor-element elementor-element-d974a3f elementor-widget__width-initial frauenpower-slider h-100 elementor-arrows-position-inside elementor-widget elementor-widget-image-carousel\" data-id=\"d974a3f\" data-element_type=\"widget\" data-settings=\"{&quot;slides_to_show&quot;:&quot;1&quot;,&quot;navigation&quot;:&quot;arrows&quot;,&quot;autoplay&quot;:&quot;yes&quot;,&quot;pause_on_hover&quot;:&quot;yes&quot;,&quot;pause_on_interaction&quot;:&quot;yes&quot;,&quot;autoplay_speed&quot;:5000,&quot;infinite&quot;:&quot;yes&quot;,&quot;effect&quot;:&quot;slide&quot;,&quot;speed&quot;:500}\" data-widget_type=\"image-carousel.default\">\n\t\t\t\t<div class=\"elementor-widget-container\">\n\t\t\t\t\t<div class=\"elementor-image-carousel-wrapper swiper\" dir=\"ltr\">\n\t\t\t<div class=\"elementor-image-carousel swiper-wrapper swiper-image-stretch\" aria-live=\"off\">\n\t\t\t\t\t\t\t\t<div class=\"swiper-slide\" role=\"group\" aria-roledescription=\"slide\" aria-label=\"1 di 1\"><figure class=\"swiper-slide-inner\"><img decoding=\"async\" class=\"swiper-slide-image\" src=\"https:\/\/www.landgasthof.it\/wp-content\/uploads\/2024\/07\/IMG_7403-scaled.jpg\" alt=\"IMG_7403\" \/><\/figure><\/div>\t\t\t<\/div>\n\t\t\t\t\t<\/div>\n\t\t\t\t<\/div>\n\t\t\t\t<\/div>\n\t\t\t\t<\/div>\n\t\t<div class=\"elementor-element elementor-element-dff770e container-i e-con-full e-flex e-con e-child\" data-id=\"dff770e\" data-element_type=\"container\">\n\t\t<div class=\"elementor-element elementor-element-39fdda7 e-con-full e-flex e-con e-child\" data-id=\"39fdda7\" data-element_type=\"container\">\n\t\t<div class=\"elementor-element elementor-element-986af2f e-con-full title-quadrat p-t-s e-flex e-con e-child\" data-id=\"986af2f\" data-element_type=\"container\" data-settings=\"{&quot;background_background&quot;:&quot;classic&quot;}\">\n\t\t\t\t<div class=\"elementor-element elementor-element-f0f55ca elementor-widget elementor-widget-heading\" data-id=\"f0f55ca\" data-element_type=\"widget\" data-widget_type=\"heading.default\">\n\t\t\t\t<div class=\"elementor-widget-container\">\n\t\t\t<h3 class=\"elementor-heading-title elementor-size-default\">Stefan, albergatore e chef <\/h3>\t\t<\/div>\n\t\t\t\t<\/div>\n\t\t\t\t<\/div>\n\t\t\t\t<\/div>\n\t\t\t\t<div class=\"elementor-element elementor-element-dc1c756 elementor-widget__width-initial frauenpower-slider e-transform elementor-hidden-desktop elementor-hidden-tablet elementor-pagination-position-outside elementor-widget elementor-widget-image-carousel\" data-id=\"dc1c756\" data-element_type=\"widget\" data-settings=\"{&quot;slides_to_show&quot;:&quot;1&quot;,&quot;navigation&quot;:&quot;dots&quot;,&quot;_transform_translateY_effect_mobile&quot;:{&quot;unit&quot;:&quot;px&quot;,&quot;size&quot;:-170,&quot;sizes&quot;:[]},&quot;autoplay&quot;:&quot;yes&quot;,&quot;pause_on_hover&quot;:&quot;yes&quot;,&quot;pause_on_interaction&quot;:&quot;yes&quot;,&quot;autoplay_speed&quot;:5000,&quot;infinite&quot;:&quot;yes&quot;,&quot;effect&quot;:&quot;slide&quot;,&quot;speed&quot;:500,&quot;_transform_translateX_effect&quot;:{&quot;unit&quot;:&quot;px&quot;,&quot;size&quot;:&quot;&quot;,&quot;sizes&quot;:[]},&quot;_transform_translateX_effect_tablet&quot;:{&quot;unit&quot;:&quot;px&quot;,&quot;size&quot;:&quot;&quot;,&quot;sizes&quot;:[]},&quot;_transform_translateX_effect_mobile&quot;:{&quot;unit&quot;:&quot;px&quot;,&quot;size&quot;:&quot;&quot;,&quot;sizes&quot;:[]},&quot;_transform_translateY_effect&quot;:{&quot;unit&quot;:&quot;px&quot;,&quot;size&quot;:&quot;&quot;,&quot;sizes&quot;:[]},&quot;_transform_translateY_effect_tablet&quot;:{&quot;unit&quot;:&quot;px&quot;,&quot;size&quot;:&quot;&quot;,&quot;sizes&quot;:[]}}\" data-widget_type=\"image-carousel.default\">\n\t\t\t\t<div class=\"elementor-widget-container\">\n\t\t\t\t\t<div class=\"elementor-image-carousel-wrapper swiper\" dir=\"ltr\">\n\t\t\t<div class=\"elementor-image-carousel swiper-wrapper swiper-image-stretch\" aria-live=\"off\">\n\t\t\t\t\t\t\t\t<div class=\"swiper-slide\" role=\"group\" aria-roledescription=\"slide\" aria-label=\"1 di 1\"><figure class=\"swiper-slide-inner\"><img decoding=\"async\" class=\"swiper-slide-image\" src=\"https:\/\/www.landgasthof.it\/wp-content\/uploads\/2024\/07\/IMG_7403-scaled.jpg\" alt=\"IMG_7403\" \/><\/figure><\/div>\t\t\t<\/div>\n\t\t\t\t\t<\/div>\n\t\t\t\t<\/div>\n\t\t\t\t<\/div>\n\t\t\t\t<\/div>\n\t\t\t\t<\/div>\n\t\t<div class=\"elementor-element elementor-element-598f425 e-con-full e-flex e-con e-child\" data-id=\"598f425\" data-element_type=\"container\">\n\t\t<div class=\"elementor-element elementor-element-2027865 e-con-full p-t-s e-flex e-con e-child\" data-id=\"2027865\" data-element_type=\"container\">\n\t\t\t\t<div class=\"elementor-element elementor-element-b1675da elementor-widget elementor-widget-text-editor\" data-id=\"b1675da\" data-element_type=\"widget\" data-widget_type=\"text-editor.default\">\n\t\t\t\t<div class=\"elementor-widget-container\">\n\t\t\t\t\t\t\t<p>\u201cStefan, anche stavolta ti sei superato, era delizioso! Ecco, questo \u00e8 il tipo di complimento che mi fa pi\u00f9 piacere in assoluto. Da bravi altoatesini, diamo molta importanza alla buona tavola e ai prodotti di qualit\u00e0, e vogliamo che i nostri ospiti possano gustare i frutti di questa passione culinaria.\u201d<\/p>\n\t\t\t\t\t\t<\/div>\n\t\t\t\t<\/div>\n\t\t\t\t<\/div>\n\t\t\t\t<\/div>\n\t\t\t\t<\/div>\n\t\t<div class=\"elementor-element elementor-element-0c13c26 e-con-full p-b-m e-flex e-con e-parent\" data-id=\"0c13c26\" data-element_type=\"container\" data-settings=\"{&quot;background_background&quot;:&quot;classic&quot;}\">\n\t\t<div class=\"elementor-element elementor-element-4037ea9 e-con-full e-flex e-con e-child\" data-id=\"4037ea9\" data-element_type=\"container\">\n\t\t<div class=\"elementor-element elementor-element-053f3fd e-con-full container-i p-r-m elementor-hidden-mobile e-flex e-con e-child\" data-id=\"053f3fd\" data-element_type=\"container\">\n\t\t\t\t<div class=\"elementor-element elementor-element-e6e994c elementor-widget__width-initial frauenpower-slider h-100 elementor-arrows-position-inside elementor-widget elementor-widget-image-carousel\" data-id=\"e6e994c\" data-element_type=\"widget\" data-settings=\"{&quot;slides_to_show&quot;:&quot;1&quot;,&quot;navigation&quot;:&quot;arrows&quot;,&quot;autoplay&quot;:&quot;yes&quot;,&quot;pause_on_hover&quot;:&quot;yes&quot;,&quot;pause_on_interaction&quot;:&quot;yes&quot;,&quot;autoplay_speed&quot;:5000,&quot;infinite&quot;:&quot;yes&quot;,&quot;effect&quot;:&quot;slide&quot;,&quot;speed&quot;:500}\" data-widget_type=\"image-carousel.default\">\n\t\t\t\t<div class=\"elementor-widget-container\">\n\t\t\t\t\t<div class=\"elementor-image-carousel-wrapper swiper\" dir=\"ltr\">\n\t\t\t<div class=\"elementor-image-carousel swiper-wrapper swiper-image-stretch\" aria-live=\"off\">\n\t\t\t\t\t\t\t\t<div class=\"swiper-slide\" role=\"group\" aria-roledescription=\"slide\" aria-label=\"1 di 1\"><figure class=\"swiper-slide-inner\"><img decoding=\"async\" class=\"swiper-slide-image\" src=\"https:\/\/www.landgasthof.it\/wp-content\/uploads\/2024\/07\/IMG_7440-scaled.jpg\" alt=\"IMG_7440\" \/><\/figure><\/div>\t\t\t<\/div>\n\t\t\t\t\t<\/div>\n\t\t\t\t<\/div>\n\t\t\t\t<\/div>\n\t\t\t\t<\/div>\n\t\t<div class=\"elementor-element elementor-element-e1c1def container-i  p-l-s e-con-full e-flex e-con e-child\" data-id=\"e1c1def\" data-element_type=\"container\">\n\t\t<div class=\"elementor-element elementor-element-147f31d e-con-full e-flex e-con e-child\" data-id=\"147f31d\" data-element_type=\"container\">\n\t\t<div class=\"elementor-element elementor-element-0dd23bf e-con-full title-quadrat p-t-s inverted e-flex e-con e-child\" data-id=\"0dd23bf\" data-element_type=\"container\" data-settings=\"{&quot;background_background&quot;:&quot;classic&quot;}\">\n\t\t\t\t<div class=\"elementor-element elementor-element-610914f elementor-widget elementor-widget-heading\" data-id=\"610914f\" data-element_type=\"widget\" data-widget_type=\"heading.default\">\n\t\t\t\t<div class=\"elementor-widget-container\">\n\t\t\t<h3 class=\"elementor-heading-title elementor-size-default\">Kathrin, albergatrice e addetta al servizio<\/h3>\t\t<\/div>\n\t\t\t\t<\/div>\n\t\t\t\t<\/div>\n\t\t\t\t<\/div>\n\t\t\t\t<div class=\"elementor-element elementor-element-10ffdaf elementor-widget__width-initial frauenpower-slider e-transform elementor-hidden-desktop elementor-hidden-tablet elementor-pagination-position-outside elementor-widget elementor-widget-image-carousel\" data-id=\"10ffdaf\" data-element_type=\"widget\" data-settings=\"{&quot;slides_to_show&quot;:&quot;1&quot;,&quot;navigation&quot;:&quot;dots&quot;,&quot;_transform_translateY_effect_mobile&quot;:{&quot;unit&quot;:&quot;px&quot;,&quot;size&quot;:-170,&quot;sizes&quot;:[]},&quot;autoplay&quot;:&quot;yes&quot;,&quot;pause_on_hover&quot;:&quot;yes&quot;,&quot;pause_on_interaction&quot;:&quot;yes&quot;,&quot;autoplay_speed&quot;:5000,&quot;infinite&quot;:&quot;yes&quot;,&quot;effect&quot;:&quot;slide&quot;,&quot;speed&quot;:500,&quot;_transform_translateX_effect&quot;:{&quot;unit&quot;:&quot;px&quot;,&quot;size&quot;:&quot;&quot;,&quot;sizes&quot;:[]},&quot;_transform_translateX_effect_tablet&quot;:{&quot;unit&quot;:&quot;px&quot;,&quot;size&quot;:&quot;&quot;,&quot;sizes&quot;:[]},&quot;_transform_translateX_effect_mobile&quot;:{&quot;unit&quot;:&quot;px&quot;,&quot;size&quot;:&quot;&quot;,&quot;sizes&quot;:[]},&quot;_transform_translateY_effect&quot;:{&quot;unit&quot;:&quot;px&quot;,&quot;size&quot;:&quot;&quot;,&quot;sizes&quot;:[]},&quot;_transform_translateY_effect_tablet&quot;:{&quot;unit&quot;:&quot;px&quot;,&quot;size&quot;:&quot;&quot;,&quot;sizes&quot;:[]}}\" data-widget_type=\"image-carousel.default\">\n\t\t\t\t<div class=\"elementor-widget-container\">\n\t\t\t\t\t<div class=\"elementor-image-carousel-wrapper swiper\" dir=\"ltr\">\n\t\t\t<div class=\"elementor-image-carousel swiper-wrapper swiper-image-stretch\" aria-live=\"off\">\n\t\t\t\t\t\t\t\t<div class=\"swiper-slide\" role=\"group\" aria-roledescription=\"slide\" aria-label=\"1 di 1\"><figure class=\"swiper-slide-inner\"><img decoding=\"async\" class=\"swiper-slide-image\" src=\"https:\/\/www.landgasthof.it\/wp-content\/uploads\/2024\/07\/IMG_7440-scaled.jpg\" alt=\"IMG_7440\" \/><\/figure><\/div>\t\t\t<\/div>\n\t\t\t\t\t<\/div>\n\t\t\t\t<\/div>\n\t\t\t\t<\/div>\n\t\t\t\t<\/div>\n\t\t\t\t<\/div>\n\t\t<div class=\"elementor-element elementor-element-ce4fc87 e-con-full e-flex e-con e-child\" data-id=\"ce4fc87\" data-element_type=\"container\">\n\t\t<div class=\"elementor-element elementor-element-791a57f e-con-full p-t-s e-flex e-con e-child\" data-id=\"791a57f\" data-element_type=\"container\">\n\t\t\t\t<div class=\"elementor-element elementor-element-53beb5c elementor-widget elementor-widget-text-editor\" data-id=\"53beb5c\" data-element_type=\"widget\" data-widget_type=\"text-editor.default\">\n\t\t\t\t<div class=\"elementor-widget-container\">\n\t\t\t\t\t\t\t<p>\u201cUn sorriso e una pausa per fare quattro chiacchiere, con un genuino interesse per il benessere e i desideri degli ospiti, che per me sono praticamente amici. E voglio che stiano bene qui in vacanza da noi.\u201d<\/p>\n\t\t\t\t\t\t<\/div>\n\t\t\t\t<\/div>\n\t\t\t\t<\/div>\n\t\t\t\t<\/div>\n\t\t\t\t<\/div>\n\t\t<div class=\"elementor-element elementor-element-d8b9a24 e-con-full p-b-m e-flex e-con e-parent\" data-id=\"d8b9a24\" data-element_type=\"container\" data-settings=\"{&quot;background_background&quot;:&quot;classic&quot;}\">\n\t\t<div class=\"elementor-element elementor-element-2f3b695 e-con-full e-flex e-con e-child\" data-id=\"2f3b695\" data-element_type=\"container\" data-settings=\"{&quot;background_background&quot;:&quot;classic&quot;}\">\n\t\t<div class=\"elementor-element elementor-element-9364d4c e-con-full container-i p-l-s elementor-hidden-mobile e-flex e-con e-child\" data-id=\"9364d4c\" data-element_type=\"container\">\n\t\t\t\t<div class=\"elementor-element elementor-element-532acdd elementor-widget__width-initial frauenpower-slider h-100 elementor-arrows-position-inside elementor-widget elementor-widget-image-carousel\" data-id=\"532acdd\" data-element_type=\"widget\" data-settings=\"{&quot;slides_to_show&quot;:&quot;1&quot;,&quot;navigation&quot;:&quot;arrows&quot;,&quot;autoplay&quot;:&quot;yes&quot;,&quot;pause_on_hover&quot;:&quot;yes&quot;,&quot;pause_on_interaction&quot;:&quot;yes&quot;,&quot;autoplay_speed&quot;:5000,&quot;infinite&quot;:&quot;yes&quot;,&quot;effect&quot;:&quot;slide&quot;,&quot;speed&quot;:500}\" data-widget_type=\"image-carousel.default\">\n\t\t\t\t<div class=\"elementor-widget-container\">\n\t\t\t\t\t<div class=\"elementor-image-carousel-wrapper swiper\" dir=\"ltr\">\n\t\t\t<div class=\"elementor-image-carousel swiper-wrapper swiper-image-stretch\" aria-live=\"off\">\n\t\t\t\t\t\t\t\t<div class=\"swiper-slide\" role=\"group\" aria-roledescription=\"slide\" aria-label=\"1 di 1\"><figure class=\"swiper-slide-inner\"><img decoding=\"async\" class=\"swiper-slide-image\" src=\"https:\/\/www.landgasthof.it\/wp-content\/uploads\/2024\/07\/Laerchenwald-Familie-WEB-9-scaled.jpg\" alt=\"L\u00e4rchenwald Familie-WEB -9\" \/><\/figure><\/div>\t\t\t<\/div>\n\t\t\t\t\t<\/div>\n\t\t\t\t<\/div>\n\t\t\t\t<\/div>\n\t\t\t\t<\/div>\n\t\t<div class=\"elementor-element elementor-element-397863f container-i e-con-full e-flex e-con e-child\" data-id=\"397863f\" data-element_type=\"container\">\n\t\t<div class=\"elementor-element elementor-element-e92f610 e-con-full e-flex e-con e-child\" data-id=\"e92f610\" data-element_type=\"container\">\n\t\t<div class=\"elementor-element elementor-element-72485f4 e-con-full title-quadrat p-t-s e-flex e-con e-child\" data-id=\"72485f4\" data-element_type=\"container\" data-settings=\"{&quot;background_background&quot;:&quot;classic&quot;}\">\n\t\t\t\t<div class=\"elementor-element elementor-element-f200ccd elementor-widget elementor-widget-heading\" data-id=\"f200ccd\" data-element_type=\"widget\" data-widget_type=\"heading.default\">\n\t\t\t\t<div class=\"elementor-widget-container\">\n\t\t\t<h3 class=\"elementor-heading-title elementor-size-default\">Luise, senior manager<\/h3>\t\t<\/div>\n\t\t\t\t<\/div>\n\t\t\t\t<\/div>\n\t\t\t\t<\/div>\n\t\t\t\t<div class=\"elementor-element elementor-element-064f630 elementor-widget__width-initial frauenpower-slider e-transform elementor-hidden-desktop elementor-hidden-tablet elementor-pagination-position-outside elementor-widget elementor-widget-image-carousel\" data-id=\"064f630\" data-element_type=\"widget\" data-settings=\"{&quot;slides_to_show&quot;:&quot;1&quot;,&quot;navigation&quot;:&quot;dots&quot;,&quot;_transform_translateY_effect_mobile&quot;:{&quot;unit&quot;:&quot;px&quot;,&quot;size&quot;:-170,&quot;sizes&quot;:[]},&quot;autoplay&quot;:&quot;yes&quot;,&quot;pause_on_hover&quot;:&quot;yes&quot;,&quot;pause_on_interaction&quot;:&quot;yes&quot;,&quot;autoplay_speed&quot;:5000,&quot;infinite&quot;:&quot;yes&quot;,&quot;effect&quot;:&quot;slide&quot;,&quot;speed&quot;:500,&quot;_transform_translateX_effect&quot;:{&quot;unit&quot;:&quot;px&quot;,&quot;size&quot;:&quot;&quot;,&quot;sizes&quot;:[]},&quot;_transform_translateX_effect_tablet&quot;:{&quot;unit&quot;:&quot;px&quot;,&quot;size&quot;:&quot;&quot;,&quot;sizes&quot;:[]},&quot;_transform_translateX_effect_mobile&quot;:{&quot;unit&quot;:&quot;px&quot;,&quot;size&quot;:&quot;&quot;,&quot;sizes&quot;:[]},&quot;_transform_translateY_effect&quot;:{&quot;unit&quot;:&quot;px&quot;,&quot;size&quot;:&quot;&quot;,&quot;sizes&quot;:[]},&quot;_transform_translateY_effect_tablet&quot;:{&quot;unit&quot;:&quot;px&quot;,&quot;size&quot;:&quot;&quot;,&quot;sizes&quot;:[]}}\" data-widget_type=\"image-carousel.default\">\n\t\t\t\t<div class=\"elementor-widget-container\">\n\t\t\t\t\t<div class=\"elementor-image-carousel-wrapper swiper\" dir=\"ltr\">\n\t\t\t<div class=\"elementor-image-carousel swiper-wrapper swiper-image-stretch\" aria-live=\"off\">\n\t\t\t\t\t\t\t\t<div class=\"swiper-slide\" role=\"group\" aria-roledescription=\"slide\" aria-label=\"1 di 1\"><figure class=\"swiper-slide-inner\"><img decoding=\"async\" class=\"swiper-slide-image\" src=\"https:\/\/www.landgasthof.it\/wp-content\/uploads\/2024\/07\/Laerchenwald-Familie-WEB-9-scaled.jpg\" alt=\"L\u00e4rchenwald Familie-WEB -9\" \/><\/figure><\/div>\t\t\t<\/div>\n\t\t\t\t\t<\/div>\n\t\t\t\t<\/div>\n\t\t\t\t<\/div>\n\t\t\t\t<\/div>\n\t\t\t\t<\/div>\n\t\t<div class=\"elementor-element elementor-element-f16f880 e-con-full e-flex e-con e-child\" data-id=\"f16f880\" data-element_type=\"container\">\n\t\t<div class=\"elementor-element elementor-element-d150264 e-con-full p-t-s e-flex e-con e-child\" data-id=\"d150264\" data-element_type=\"container\">\n\t\t\t\t<div class=\"elementor-element elementor-element-5d1b8af elementor-widget elementor-widget-text-editor\" data-id=\"5d1b8af\" data-element_type=\"widget\" data-widget_type=\"text-editor.default\">\n\t\t\t\t<div class=\"elementor-widget-container\">\n\t\t\t\t\t\t\t<p>\u201cAbbiamo la fortuna di vivere in un luogo straordinario, e ne siamo molto grati. Adoro condividere le bellezze della mia terra con gli ospiti, accompagnandoli a fare gite ed escursioni guidate.\u201d<\/p>\n\t\t\t\t\t\t<\/div>\n\t\t\t\t<\/div>\n\t\t\t\t<\/div>\n\t\t\t\t<\/div>\n\t\t\t\t<\/div>\n\t\t\t\t<\/div>\n\t\t","protected":false},"excerpt":{"rendered":"<p>\u201cVogliamo che gli ospiti stiano bene qui da noi\u201d Piccolo hotel, grande ospitalit\u00e0 As so often in life: Harmony and authenticity count. The right mix of tradition and lifestyle. Nature and people. Action and relaxation. You&#8217;ll find all of this in our small hotel. Because only one thing is important to us. That you have [&hellip;]<\/p>\n","protected":false},"author":1,"featured_media":0,"parent":0,"menu_order":0,"comment_status":"closed","ping_status":"closed","template":"","meta":{"_acf_changed":false,"footnotes":""},"acf":[],"yoast_head":"<!-- This site is optimized with the Yoast SEO plugin v22.6 - https:\/\/yoast.com\/wordpress\/plugins\/seo\/ -->\n<title>L\u00e4rchenwald: il tuo piccolo hotel di montagna in Alto Adige<\/title>\n<meta name=\"description\" content=\"Familiar. Genuine. Informal. Vacation with friends in the larch forest in Gummer near Karneid in the Eggental Valley. Your summer and winter vacation at the Rosengarten and Latemar.\" \/>\n<meta name=\"robots\" content=\"index, follow, max-snippet:-1, max-image-preview:large, max-video-preview:-1\" \/>\n<link rel=\"canonical\" href=\"https:\/\/www.landgasthof.it\/it\/i-nostri-valori\/\" \/>\n<meta property=\"og:locale\" content=\"it_IT\" \/>\n<meta property=\"og:type\" content=\"article\" \/>\n<meta property=\"og:title\" content=\"L\u00e4rchenwald: il tuo piccolo hotel di montagna in Alto Adige\" \/>\n<meta property=\"og:description\" content=\"Familiar. Genuine. Informal. Vacation with friends in the larch forest in Gummer near Karneid in the Eggental Valley. Your summer and winter vacation at the Rosengarten and Latemar.\" \/>\n<meta property=\"og:url\" content=\"https:\/\/www.landgasthof.it\/it\/i-nostri-valori\/\" \/>\n<meta property=\"og:site_name\" content=\"Landgasthof L\u00e4rchenwald\" \/>\n<meta property=\"article:modified_time\" content=\"2024-07-29T13:44:02+00:00\" \/>\n<meta property=\"og:image\" content=\"https:\/\/landgasthof.it\/wp-content\/uploads\/2024\/07\/Laerchenwald-Aussen-WEB-33-scaled.jpg\" \/>\n<meta name=\"twitter:card\" content=\"summary_large_image\" \/>\n<meta name=\"twitter:label1\" content=\"Tempo di lettura stimato\" \/>\n\t<meta name=\"twitter:data1\" content=\"1 minuto\" \/>\n<script type=\"application\/ld+json\" class=\"yoast-schema-graph\">{\"@context\":\"https:\/\/schema.org\",\"@graph\":[{\"@type\":\"WebPage\",\"@id\":\"https:\/\/www.landgasthof.it\/it\/i-nostri-valori\/\",\"url\":\"https:\/\/www.landgasthof.it\/it\/i-nostri-valori\/\",\"name\":\"L\u00e4rchenwald: il tuo piccolo hotel di montagna in Alto Adige\",\"isPartOf\":{\"@id\":\"https:\/\/www.landgasthof.it\/it\/#website\"},\"primaryImageOfPage\":{\"@id\":\"https:\/\/www.landgasthof.it\/it\/i-nostri-valori\/#primaryimage\"},\"image\":{\"@id\":\"https:\/\/www.landgasthof.it\/it\/i-nostri-valori\/#primaryimage\"},\"thumbnailUrl\":\"https:\/\/landgasthof.it\/wp-content\/uploads\/2024\/07\/Laerchenwald-Aussen-WEB-33-scaled.jpg\",\"datePublished\":\"2024-05-30T06:19:15+00:00\",\"dateModified\":\"2024-07-29T13:44:02+00:00\",\"description\":\"Familiar. Genuine. Informal. Vacation with friends in the larch forest in Gummer near Karneid in the Eggental Valley. Your summer and winter vacation at the Rosengarten and Latemar.\",\"breadcrumb\":{\"@id\":\"https:\/\/www.landgasthof.it\/it\/i-nostri-valori\/#breadcrumb\"},\"inLanguage\":\"it-IT\",\"potentialAction\":[{\"@type\":\"ReadAction\",\"target\":[\"https:\/\/www.landgasthof.it\/it\/i-nostri-valori\/\"]}]},{\"@type\":\"ImageObject\",\"inLanguage\":\"it-IT\",\"@id\":\"https:\/\/www.landgasthof.it\/it\/i-nostri-valori\/#primaryimage\",\"url\":\"https:\/\/landgasthof.it\/wp-content\/uploads\/2024\/07\/Laerchenwald-Aussen-WEB-33-scaled.jpg\",\"contentUrl\":\"https:\/\/landgasthof.it\/wp-content\/uploads\/2024\/07\/Laerchenwald-Aussen-WEB-33-scaled.jpg\"},{\"@type\":\"BreadcrumbList\",\"@id\":\"https:\/\/www.landgasthof.it\/it\/i-nostri-valori\/#breadcrumb\",\"itemListElement\":[{\"@type\":\"ListItem\",\"position\":1,\"name\":\"Startseite\",\"item\":\"https:\/\/www.landgasthof.it\/it\/\"},{\"@type\":\"ListItem\",\"position\":2,\"name\":\"I nostri valori\"}]},{\"@type\":\"WebSite\",\"@id\":\"https:\/\/www.landgasthof.it\/it\/#website\",\"url\":\"https:\/\/www.landgasthof.it\/it\/\",\"name\":\"Landgasthof L\u00e4rchenwald\",\"description\":\"\",\"publisher\":{\"@id\":\"https:\/\/www.landgasthof.it\/it\/#organization\"},\"potentialAction\":[{\"@type\":\"SearchAction\",\"target\":{\"@type\":\"EntryPoint\",\"urlTemplate\":\"https:\/\/www.landgasthof.it\/it\/?s={search_term_string}\"},\"query-input\":\"required name=search_term_string\"}],\"inLanguage\":\"it-IT\"},{\"@type\":\"Organization\",\"@id\":\"https:\/\/www.landgasthof.it\/it\/#organization\",\"name\":\"Landgasthof L\u00e4rchenwald\",\"url\":\"https:\/\/www.landgasthof.it\/it\/\",\"logo\":{\"@type\":\"ImageObject\",\"inLanguage\":\"it-IT\",\"@id\":\"https:\/\/www.landgasthof.it\/it\/#\/schema\/logo\/image\/\",\"url\":\"https:\/\/www.landgasthof.it\/wp-content\/uploads\/2024\/05\/Gruppe-2.svg\",\"contentUrl\":\"https:\/\/www.landgasthof.it\/wp-content\/uploads\/2024\/05\/Gruppe-2.svg\",\"width\":360,\"height\":117,\"caption\":\"Landgasthof L\u00e4rchenwald\"},\"image\":{\"@id\":\"https:\/\/www.landgasthof.it\/it\/#\/schema\/logo\/image\/\"}}]}<\/script>\n<!-- \/ Yoast SEO plugin. -->","yoast_head_json":{"title":"L\u00e4rchenwald: il tuo piccolo hotel di montagna in Alto Adige","description":"Familiar. Genuine. Informal. Vacation with friends in the larch forest in Gummer near Karneid in the Eggental Valley. Your summer and winter vacation at the Rosengarten and Latemar.","robots":{"index":"index","follow":"follow","max-snippet":"max-snippet:-1","max-image-preview":"max-image-preview:large","max-video-preview":"max-video-preview:-1"},"canonical":"https:\/\/www.landgasthof.it\/it\/i-nostri-valori\/","og_locale":"it_IT","og_type":"article","og_title":"L\u00e4rchenwald: il tuo piccolo hotel di montagna in Alto Adige","og_description":"Familiar. Genuine. Informal. Vacation with friends in the larch forest in Gummer near Karneid in the Eggental Valley. Your summer and winter vacation at the Rosengarten and Latemar.","og_url":"https:\/\/www.landgasthof.it\/it\/i-nostri-valori\/","og_site_name":"Landgasthof L\u00e4rchenwald","article_modified_time":"2024-07-29T13:44:02+00:00","og_image":[{"url":"https:\/\/landgasthof.it\/wp-content\/uploads\/2024\/07\/Laerchenwald-Aussen-WEB-33-scaled.jpg"}],"twitter_card":"summary_large_image","twitter_misc":{"Tempo di lettura stimato":"1 minuto"},"schema":{"@context":"https:\/\/schema.org","@graph":[{"@type":"WebPage","@id":"https:\/\/www.landgasthof.it\/it\/i-nostri-valori\/","url":"https:\/\/www.landgasthof.it\/it\/i-nostri-valori\/","name":"L\u00e4rchenwald: il tuo piccolo hotel di montagna in Alto Adige","isPartOf":{"@id":"https:\/\/www.landgasthof.it\/it\/#website"},"primaryImageOfPage":{"@id":"https:\/\/www.landgasthof.it\/it\/i-nostri-valori\/#primaryimage"},"image":{"@id":"https:\/\/www.landgasthof.it\/it\/i-nostri-valori\/#primaryimage"},"thumbnailUrl":"https:\/\/landgasthof.it\/wp-content\/uploads\/2024\/07\/Laerchenwald-Aussen-WEB-33-scaled.jpg","datePublished":"2024-05-30T06:19:15+00:00","dateModified":"2024-07-29T13:44:02+00:00","description":"Familiar. Genuine. Informal. Vacation with friends in the larch forest in Gummer near Karneid in the Eggental Valley. Your summer and winter vacation at the Rosengarten and Latemar.","breadcrumb":{"@id":"https:\/\/www.landgasthof.it\/it\/i-nostri-valori\/#breadcrumb"},"inLanguage":"it-IT","potentialAction":[{"@type":"ReadAction","target":["https:\/\/www.landgasthof.it\/it\/i-nostri-valori\/"]}]},{"@type":"ImageObject","inLanguage":"it-IT","@id":"https:\/\/www.landgasthof.it\/it\/i-nostri-valori\/#primaryimage","url":"https:\/\/landgasthof.it\/wp-content\/uploads\/2024\/07\/Laerchenwald-Aussen-WEB-33-scaled.jpg","contentUrl":"https:\/\/landgasthof.it\/wp-content\/uploads\/2024\/07\/Laerchenwald-Aussen-WEB-33-scaled.jpg"},{"@type":"BreadcrumbList","@id":"https:\/\/www.landgasthof.it\/it\/i-nostri-valori\/#breadcrumb","itemListElement":[{"@type":"ListItem","position":1,"name":"Startseite","item":"https:\/\/www.landgasthof.it\/it\/"},{"@type":"ListItem","position":2,"name":"I nostri valori"}]},{"@type":"WebSite","@id":"https:\/\/www.landgasthof.it\/it\/#website","url":"https:\/\/www.landgasthof.it\/it\/","name":"Landgasthof L\u00e4rchenwald","description":"","publisher":{"@id":"https:\/\/www.landgasthof.it\/it\/#organization"},"potentialAction":[{"@type":"SearchAction","target":{"@type":"EntryPoint","urlTemplate":"https:\/\/www.landgasthof.it\/it\/?s={search_term_string}"},"query-input":"required name=search_term_string"}],"inLanguage":"it-IT"},{"@type":"Organization","@id":"https:\/\/www.landgasthof.it\/it\/#organization","name":"Landgasthof L\u00e4rchenwald","url":"https:\/\/www.landgasthof.it\/it\/","logo":{"@type":"ImageObject","inLanguage":"it-IT","@id":"https:\/\/www.landgasthof.it\/it\/#\/schema\/logo\/image\/","url":"https:\/\/www.landgasthof.it\/wp-content\/uploads\/2024\/05\/Gruppe-2.svg","contentUrl":"https:\/\/www.landgasthof.it\/wp-content\/uploads\/2024\/05\/Gruppe-2.svg","width":360,"height":117,"caption":"Landgasthof L\u00e4rchenwald"},"image":{"@id":"https:\/\/www.landgasthof.it\/it\/#\/schema\/logo\/image\/"}}]}},"_links":{"self":[{"href":"https:\/\/www.landgasthof.it\/it\/wp-json\/wp\/v2\/pages\/1329"}],"collection":[{"href":"https:\/\/www.landgasthof.it\/it\/wp-json\/wp\/v2\/pages"}],"about":[{"href":"https:\/\/www.landgasthof.it\/it\/wp-json\/wp\/v2\/types\/page"}],"author":[{"embeddable":true,"href":"https:\/\/www.landgasthof.it\/it\/wp-json\/wp\/v2\/users\/1"}],"replies":[{"embeddable":true,"href":"https:\/\/www.landgasthof.it\/it\/wp-json\/wp\/v2\/comments?post=1329"}],"version-history":[{"count":3,"href":"https:\/\/www.landgasthof.it\/it\/wp-json\/wp\/v2\/pages\/1329\/revisions"}],"predecessor-version":[{"id":1766,"href":"https:\/\/www.landgasthof.it\/it\/wp-json\/wp\/v2\/pages\/1329\/revisions\/1766"}],"wp:attachment":[{"href":"https:\/\/www.landgasthof.it\/it\/wp-json\/wp\/v2\/media?parent=1329"}],"curies":[{"name":"wp","href":"https:\/\/api.w.org\/{rel}","templated":true}]}}